{"id":6715,"date":"2024-05-29T12:41:18","date_gmt":"2024-05-29T09:41:18","guid":{"rendered":"https:\/\/fotografiska.ee\/?page_id=6715"},"modified":"2024-05-29T12:41:19","modified_gmt":"2024-05-29T09:41:19","slug":"david-uzochukwu-fi","status":"publish","type":"page","link":"https:\/\/fotografiska.ee\/sv\/david-uzochukwu-fi\/","title":{"rendered":"David \u1ee4z\u1ecdchukwu"},"content":{"rendered":"<p><strong>David \u1ee4z\u1ecdchukwu<\/strong><\/p>\n\n\n\n<p>David \u1ee4z\u1ecdchukwu syntyi vuonna 1998 It\u00e4vallan Alppien juurella it\u00e4valtalais-nigerialaiseen perheeseen. Valokuvaamisen \u1ee4z\u1ecdchukwu aloitti teini-ik\u00e4isen\u00e4 ottamalla omakuvia. Valokuvaajan ty\u00f6ns\u00e4 ohella \u1ee4z\u1ecdchukwu opiskelee filosofiaa ja kulttuurintutkimusta Humboldt-yliopistossa Berliiniss\u00e4.<\/p>\n\n\n\n<p>David \u1ee4z\u1ecdchukwun valokuvissa ihmiskeho sulautuu ymp\u00e4rist\u00f6\u00f6ns\u00e4 tai ymp\u00e4rist\u00f6 ihmiskehoon, kuvasipa h\u00e4n sitten itse\u00e4\u00e4n, rakastavaisia tai vieraita ihmisi\u00e4.<\/p>\n\n\n\n<p>Kuraattori ja kirjailija Natasha Ginwala on todennut, ett\u00e4 \u1ee4z\u1ecdchukwun valokuvissa \u201dminuus rakentuu moninaisuudesta ja ihmisel\u00e4in asettuu erottamattomaksi osaksi tunnevoimaista maisemaa ja vett\u00e4. Kuvien kaikki elementit ovat aktiivisia toimijoita, jotka hakeutuvat johonkin muotoon\u201d. Kuvien monitahoinen rakenne antaa tilaa kaipauksen ja yhteenkuuluvuuden tunteen pohtimiselle.<\/p>\n\n\n\n<p>Hemoglobiini, 2017<\/p>\n\n\n\n<p>Teos on esill\u00e4 David \u1ee4z\u1ecdchukwun ja Galerie Gomisin luvalla.<\/p>","protected":false},"excerpt":{"rendered":"<p>David \u1ee4z\u1ecdchukwu David \u1ee4z\u1ecdchukwu syntyi vuonna 1998 It\u00e4vallan Alppien juurella it\u00e4valtalais-nigerialaiseen perheeseen. Valokuvaamisen \u1ee4z\u1ecdchukwu aloitti teini-ik\u00e4isen\u00e4 ottamalla omakuvia. Valokuvaajan ty\u00f6ns\u00e4 ohella \u1ee4z\u1ecdchukwu opiskelee filosofiaa ja kulttuurintutkimusta Humboldt-yliopistossa Berliiniss\u00e4. David \u1ee4z\u1ecdchukwun valokuvissa ihmiskeho sulautuu ymp\u00e4rist\u00f6\u00f6ns\u00e4 tai ymp\u00e4rist\u00f6 ihmiskehoon, kuvasipa h\u00e4n sitten itse\u00e4\u00e4n, rakastavaisia tai vieraita ihmisi\u00e4. Kuraattori ja kirjailija Natasha Ginwala on todennut, ett\u00e4 \u1ee4z\u1ecdchukwun valokuvissa [&hellip;]<\/p>","protected":false},"author":1,"featured_media":0,"parent":0,"menu_order":0,"comment_status":"closed","ping_status":"closed","template":"","meta":{"inline_featured_image":false,"footnotes":""},"class_list":["post-6715","page","type-page","status-publish","hentry"],"acf":[],"_links":{"self":[{"href":"https:\/\/fotografiska.ee\/sv\/wp-json\/wp\/v2\/pages\/6715"}],"collection":[{"href":"https:\/\/fotografiska.ee\/sv\/wp-json\/wp\/v2\/pages"}],"about":[{"href":"https:\/\/fotografiska.ee\/sv\/wp-json\/wp\/v2\/types\/page"}],"author":[{"embeddable":true,"href":"https:\/\/fotografiska.ee\/sv\/wp-json\/wp\/v2\/users\/1"}],"replies":[{"embeddable":true,"href":"https:\/\/fotografiska.ee\/sv\/wp-json\/wp\/v2\/comments?post=6715"}],"version-history":[{"count":1,"href":"https:\/\/fotografiska.ee\/sv\/wp-json\/wp\/v2\/pages\/6715\/revisions"}],"predecessor-version":[{"id":6716,"href":"https:\/\/fotografiska.ee\/sv\/wp-json\/wp\/v2\/pages\/6715\/revisions\/6716"}],"wp:attachment":[{"href":"https:\/\/fotografiska.ee\/sv\/wp-json\/wp\/v2\/media?parent=6715"}],"curies":[{"name":"wp","href":"https:\/\/api.w.org\/{rel}","templated":true}]}}