{"id":7151,"date":"2024-10-23T08:37:48","date_gmt":"2024-10-23T05:37:48","guid":{"rendered":"https:\/\/fotografiska.ee\/?page_id=7151"},"modified":"2024-10-23T08:37:49","modified_gmt":"2024-10-23T05:37:49","slug":"shepard-fairey-street-culture-fi","status":"publish","type":"page","link":"https:\/\/fotografiska.ee\/en\/shepard-fairey-street-culture-fi\/","title":{"rendered":"Shepard Fairey street culture-fi"},"content":{"rendered":"<p><strong>Katutaide ja -kulttuuri<\/strong><\/p>\n\n\n\n<p>Kun Shepard Fairey ensimm\u00e4ist\u00e4 kertaa oli tekemisiss\u00e4 katutaiteen kanssa, h\u00e4n vaikuttui siit\u00e4, miten tekij\u00e4t omistautuvat taiteelleen. Kaduilla voi ilmaista itse\u00e4\u00e4n t\u00e4ysin vapaasti, jos on valmis lahjoittamaan teoksensa yleiseen k\u00e4ytt\u00f6\u00f6n, rikkomaan s\u00e4\u00e4nt\u00f6j\u00e4 ja ottamaan sen riskin, ett\u00e4 joutuu pid\u00e4tetyksi. Faireylle vapaus on t\u00e4rke\u00e4\u00e4, samoin kuin se, ett\u00e4 h\u00e4n ilmaisee itse\u00e4\u00e4n julkisesti.<\/p>\n\n\n\n<p>Yleens\u00e4 ihmiset eiv\u00e4t juuri ilmaise itse\u00e4\u00e4n taiteellisesti julkisissa tiloissa, mik\u00e4 voi johtua siit\u00e4, ett\u00e4 julkisissa tiloissa on totuttu n\u00e4kem\u00e4\u00e4n l\u00e4hinn\u00e4 mainoksia ja virallisia kylttej\u00e4. T\u00e4m\u00e4 sai Faireyn pohtimaan, miten vallitsevia valta-asetelmia voisi horjuttaa. H\u00e4n huomasi, ett\u00e4 pelk\u00e4st\u00e4\u00e4n vaihtoehtoisten ajatusten esitt\u00e4minen julkisesti sai ihmiset kiinnostumaan aiheesta yh\u00e4 enemm\u00e4n ja siit\u00e4 syntyi ketjureaktio.<\/p>\n\n\n\n<p>Fairey ajattelee, ett\u00e4 katutaiteen tekeminen on oikeutettu tapa k\u00e4ytt\u00e4\u00e4 julkista tilaa, kunhan teokset edustavat hyv\u00e4\u00e4 makua ja ne on tehty kunnioittavasti esimerkiksi hyl\u00e4ttyihin rakennuksiin eik\u00e4 asuintaloihin. Faireyn mukaan taidegallerioilla ja -museoilla on oma paikkansa ja teht\u00e4v\u00e4ns\u00e4, mutta niiden ei tulisi olla ainoita tiloja, joissa taidetta p\u00e4\u00e4see kokemaan. Faireyn tavoitteena on muuttaa taide entist\u00e4 demokraattisemmaksi, ja siksi h\u00e4n mielell\u00e4\u00e4n tekee teoksensa kaduille.<\/p>","protected":false},"excerpt":{"rendered":"<p>Katutaide ja -kulttuuri Kun Shepard Fairey ensimm\u00e4ist\u00e4 kertaa oli tekemisiss\u00e4 katutaiteen kanssa, h\u00e4n vaikuttui siit\u00e4, miten tekij\u00e4t omistautuvat taiteelleen. Kaduilla voi ilmaista itse\u00e4\u00e4n t\u00e4ysin vapaasti, jos on valmis lahjoittamaan teoksensa yleiseen k\u00e4ytt\u00f6\u00f6n, rikkomaan s\u00e4\u00e4nt\u00f6j\u00e4 ja ottamaan sen riskin, ett\u00e4 joutuu pid\u00e4tetyksi. Faireylle vapaus on t\u00e4rke\u00e4\u00e4, samoin kuin se, ett\u00e4 h\u00e4n ilmaisee itse\u00e4\u00e4n julkisesti. Yleens\u00e4 ihmiset [&hellip;]<\/p>","protected":false},"author":1,"featured_media":0,"parent":0,"menu_order":0,"comment_status":"closed","ping_status":"closed","template":"","meta":{"inline_featured_image":false,"footnotes":""},"class_list":["post-7151","page","type-page","status-publish","hentry"],"acf":[],"_links":{"self":[{"href":"https:\/\/fotografiska.ee\/en\/wp-json\/wp\/v2\/pages\/7151"}],"collection":[{"href":"https:\/\/fotografiska.ee\/en\/wp-json\/wp\/v2\/pages"}],"about":[{"href":"https:\/\/fotografiska.ee\/en\/wp-json\/wp\/v2\/types\/page"}],"author":[{"embeddable":true,"href":"https:\/\/fotografiska.ee\/en\/wp-json\/wp\/v2\/users\/1"}],"replies":[{"embeddable":true,"href":"https:\/\/fotografiska.ee\/en\/wp-json\/wp\/v2\/comments?post=7151"}],"version-history":[{"count":1,"href":"https:\/\/fotografiska.ee\/en\/wp-json\/wp\/v2\/pages\/7151\/revisions"}],"predecessor-version":[{"id":7152,"href":"https:\/\/fotografiska.ee\/en\/wp-json\/wp\/v2\/pages\/7151\/revisions\/7152"}],"wp:attachment":[{"href":"https:\/\/fotografiska.ee\/en\/wp-json\/wp\/v2\/media?parent=7151"}],"curies":[{"name":"wp","href":"https:\/\/api.w.org\/{rel}","templated":true}]}}