{"id":6721,"date":"2024-05-29T12:45:07","date_gmt":"2024-05-29T09:45:07","guid":{"rendered":"https:\/\/fotografiska.ee\/?page_id=6721"},"modified":"2024-05-29T12:45:08","modified_gmt":"2024-05-29T09:45:08","slug":"djeneba-aduayom-fi","status":"publish","type":"page","link":"https:\/\/fotografiska.ee\/en\/djeneba-aduayom-fi\/","title":{"rendered":"Djeneba Aduayom"},"content":{"rendered":"<p><strong>Djeneba Aduayom<\/strong><\/p>\n\n\n\n<p>Djeneba Aduayom on tehnyt uran ammattitanssijana ja sen j\u00e4lkeen siirtynyt valokuvaamiseen. Aduayomin rakkaus liikkeeseen ja tunnel\u00e4ht\u00f6iseen esiintymiseen n\u00e4kyy sek\u00e4 h\u00e4nen valokuvissaan ett\u00e4 my\u00f6hemmiss\u00e4 ohjaust\u00f6iss\u00e4\u00e4n.<\/p>\n\n\n\n<p>Aduayom ammentaa inspiraationsa monikulttuurisesta taustastaan. Aduayomin k\u00e4sitteist\u00f6 ja taiteellinen ilmaisu kumpuavat h\u00e4nen sis\u00e4isest\u00e4 maailmastaan, joka puolestaan rakentuu kokemuksista ulkomaailmasta. Aduayomin teoksissa luovat ideat muuntuvat visuaalisiksi abstraktioiksi ja tarjoutuvat tulkittaviksi. Taiteilija toivoo, ett\u00e4 h\u00e4nen teostensa \u00e4\u00e4rell\u00e4 katsoja p\u00e4\u00e4see kurkistamaan omaan sis\u00e4iseen universumiinsa.<\/p>\n\n\n\n<p>Djeneba Aduayom asuu Etel\u00e4-Kaliforniassa.<\/p>\n\n\n\n<p><em>Taiteellisessa ty\u00f6ss\u00e4ni tutkin todellisen ja kuvitteellisen maailman v\u00e4lisi\u00e4 visuaalisia samankaltaisuuksia. Minut kutsuttiin t\u00e4h\u00e4n projektiin k\u00e4sittelem\u00e4\u00e4n planeettamme heikkenev\u00e4st\u00e4 tilasta johtuvaa traumaa. Yhteiset toimemme sek\u00e4 toimien puuttuminen tuhoavat maapalloa ja sen resursseja. El\u00e4mme brutaalissa todellisuudessa. Teos Ilmakeh\u00e4n perspektiivi (Atmospheric Perspective) on runollinen n\u00e4kemys siit\u00e4, millaiseksi olemme planeettaamme muokkaamassa. Teoksessa pohdin, mit\u00e4 j\u00e4t\u00e4mme j\u00e4lkeemme. J\u00e4\u00e4k\u00f6 j\u00e4lkeemme vain joitain rakennelmia todisteeksi menneest\u00e4? Vai j\u00e4\u00e4k\u00f6 mit\u00e4\u00e4n? J\u00e4\u00e4k\u00f6 vain k\u00e4rventynyt, et\u00e4isten muistojen ja harhakuvitelmien riivaama planeetta? Toivon, ett\u00e4 teos her\u00e4tt\u00e4\u00e4 tunteita ja saa katsojansa tekem\u00e4\u00e4n voitavansa yhteisen kotiplaneettamme hyv\u00e4ksi.<\/em><\/p>\n\n\n\n<p><em>Ilmakeh\u00e4n perspektiivi<\/em>, 2022<\/p>\n\n\n\n<p>3 min 49 s<\/p>\n\n\n\n<p>Musiikki: Joel Shearer<\/p>\n\n\n\n<p>Teksti: Kristina Feliciano<\/p>\n\n\n\n<p>Lukija: Nilaya Sabnis<\/p>\n\n\n\n<p>Teos on esill\u00e4 Djeneba Aduayomin ja Galerie Gomisin luvalla.<\/p>","protected":false},"excerpt":{"rendered":"<p>Djeneba Aduayom Djeneba Aduayom on tehnyt uran ammattitanssijana ja sen j\u00e4lkeen siirtynyt valokuvaamiseen. Aduayomin rakkaus liikkeeseen ja tunnel\u00e4ht\u00f6iseen esiintymiseen n\u00e4kyy sek\u00e4 h\u00e4nen valokuvissaan ett\u00e4 my\u00f6hemmiss\u00e4 ohjaust\u00f6iss\u00e4\u00e4n. Aduayom ammentaa inspiraationsa monikulttuurisesta taustastaan. Aduayomin k\u00e4sitteist\u00f6 ja taiteellinen ilmaisu kumpuavat h\u00e4nen sis\u00e4isest\u00e4 maailmastaan, joka puolestaan rakentuu kokemuksista ulkomaailmasta. Aduayomin teoksissa luovat ideat muuntuvat visuaalisiksi abstraktioiksi ja tarjoutuvat tulkittaviksi. [&hellip;]<\/p>","protected":false},"author":1,"featured_media":0,"parent":0,"menu_order":0,"comment_status":"closed","ping_status":"closed","template":"","meta":{"inline_featured_image":false,"footnotes":""},"class_list":["post-6721","page","type-page","status-publish","hentry"],"acf":[],"_links":{"self":[{"href":"https:\/\/fotografiska.ee\/en\/wp-json\/wp\/v2\/pages\/6721"}],"collection":[{"href":"https:\/\/fotografiska.ee\/en\/wp-json\/wp\/v2\/pages"}],"about":[{"href":"https:\/\/fotografiska.ee\/en\/wp-json\/wp\/v2\/types\/page"}],"author":[{"embeddable":true,"href":"https:\/\/fotografiska.ee\/en\/wp-json\/wp\/v2\/users\/1"}],"replies":[{"embeddable":true,"href":"https:\/\/fotografiska.ee\/en\/wp-json\/wp\/v2\/comments?post=6721"}],"version-history":[{"count":1,"href":"https:\/\/fotografiska.ee\/en\/wp-json\/wp\/v2\/pages\/6721\/revisions"}],"predecessor-version":[{"id":6722,"href":"https:\/\/fotografiska.ee\/en\/wp-json\/wp\/v2\/pages\/6721\/revisions\/6722"}],"wp:attachment":[{"href":"https:\/\/fotografiska.ee\/en\/wp-json\/wp\/v2\/media?parent=6721"}],"curies":[{"name":"wp","href":"https:\/\/api.w.org\/{rel}","templated":true}]}}